{"id":2013,"date":"2023-03-26T10:18:36","date_gmt":"2023-03-26T08:18:36","guid":{"rendered":"https:\/\/pilafestival.com\/english\/?page_id=2013"},"modified":"2023-04-01T08:51:15","modified_gmt":"2023-04-01T06:51:15","slug":"winners-2022","status":"publish","type":"page","link":"https:\/\/pilafestival.com\/english\/winners-2022\/","title":{"rendered":"Winners 2022"},"content":{"rendered":"<div id=\"dslc-main\">\r\n\t\t<div  class=\"dslc-modules-section \" style=\"\" data-section-id=\"800b9d54ff5\">\r\n\t\t\t\t\r\n\t\t\t\t\r\n\t\t\t\t<div class=\"dslc-modules-section-wrapper dslc-clearfix\"><div class=\"dslc-modules-area dslc-col dslc-12-col dslc-last-col dslc-valign- \" data-size=\"12\" data-valign=\"\">\r\n\t\t<div id=\"dslc-module-d0cafbff28c\" class=\"dslc-module-front dslc-module-DSLC_Text_Simple dslc-in-viewport-check dslc-in-viewport-anim-none  dslc-col dslc-12-col dslc-last-col  dslc-module-handle-like-regular \" data-module-id=\"d0cafbff28c\" data-module=\"DSLC_Text_Simple\" data-dslc-module-size=\"12\" data-dslc-anim=\"none\" data-dslc-anim-delay=\"\" data-dslc-anim-duration=\"650\"  data-dslc-anim-easing=\"ease\" data-dslc-preset=\"none\" >\r\n\r\n\t\t\t\r\n\t\t\t\r\n\t\t\r\n\t\t<div class=\"dslc-text-module-content\">\r\n\t\t\t<h1 style=\"text-align: center;\"><strong><span style=\"color: #333333;\">LAUREACI 13. Pi\u0142a Festival & Academy 2022<\/span><\/strong><\/h1>\t\t<\/div>\r\n\r\n\t\t\r\n\t\t\t\t<\/div><!-- .dslc-module -->\r\n\t\t<\/div><\/div><\/div>\r\n\t\t<div  class=\"dslc-modules-section \" style=\"\" data-section-id=\"36540d07427\">\r\n\t\t\t\t\r\n\t\t\t\t\r\n\t\t\t\t<div class=\"dslc-modules-section-wrapper dslc-clearfix\"><div class=\"dslc-modules-area dslc-col dslc-12-col dslc-last-col dslc-valign- \" data-size=\"12\" data-valign=\"\">\r\n\t\t<div id=\"dslc-module-2010e90b75e\" class=\"dslc-module-front dslc-module-DSLC_Text_Simple dslc-in-viewport-check dslc-in-viewport-anim-none  dslc-col dslc-12-col dslc-last-col  dslc-module-handle-like-regular \" data-module-id=\"2010e90b75e\" data-module=\"DSLC_Text_Simple\" data-dslc-module-size=\"12\" data-dslc-anim=\"none\" data-dslc-anim-delay=\"\" data-dslc-anim-duration=\"650\"  data-dslc-anim-easing=\"ease\" data-dslc-preset=\"none\" >\r\n\r\n\t\t\t\r\n\t\t\t\r\n\t\t\r\n\t\t<div class=\"dslc-text-module-content\">\r\n\t\t\t<h1 style=\"text-align: center;\">NAGRODY SPONSOR\u00d3W<\/h1><h4 style=\"text-align: center;\">Zegarek szwajcarskiej firmy ALBERT RIELE <span style=\"color: #333333;\">ufundowany przez firm\u0119 APART<\/span><\/h4>\t\t<\/div>\r\n\r\n\t\t\r\n\t\t\t\t<\/div><!-- .dslc-module -->\r\n\t\t<\/div><\/div><\/div>\r\n\t\t<div  class=\"dslc-modules-section \" style=\"padding-bottom:0px;padding-top:0px;background-color:#ffffff;\" data-section-id=\"d3107589b98\">\r\n\t\t\t\t\r\n\t\t\t\t\r\n\t\t\t\t<div class=\"dslc-modules-section-wrapper dslc-clearfix\"><div class=\"dslc-modules-area dslc-col dslc-6-col dslc-first-col dslc-valign- \" data-size=\"6\" data-valign=\"\">\r\n\t\t<div id=\"dslc-module-8e8b8e8aa6d\" class=\"dslc-module-front dslc-module-DSLC_Text_Simple dslc-in-viewport-check dslc-in-viewport-anim-none  dslc-col dslc-12-col dslc-last-col  dslc-module-handle-like-regular \" data-module-id=\"8e8b8e8aa6d\" data-module=\"DSLC_Text_Simple\" data-dslc-module-size=\"12\" data-dslc-anim=\"none\" data-dslc-anim-delay=\"\" data-dslc-anim-duration=\"650\"  data-dslc-anim-easing=\"ease\" data-dslc-preset=\"none\" >\r\n\r\n\t\t\t\r\n\t\t\t\r\n\t\t\r\n\t\t<div class=\"dslc-text-module-content\">\r\n\t\t\t<h4 class=\"Akapitzlist\" style=\"text-align: center;\"><span style=\"color: #333333;\"><strong><span style=\"font-size: 16pt; line-height: 115%;\">PAULINA TOMCZUK<\/span><\/strong><\/span><\/h4><h4 style=\"text-align: center;\"><span style=\"color: #333333;\">skrzypaczka<\/span><\/h4>\t\t<\/div>\r\n\r\n\t\t\r\n\t\t\t\t<\/div><!-- .dslc-module -->\r\n\t\t\r\n\t\t<div id=\"dslc-module-27d379a4868\" class=\"dslc-module-front dslc-module-DSLC_Image dslc-in-viewport-check dslc-in-viewport-anim-none  dslc-col dslc-12-col dslc-last-col  dslc-module-handle-like-regular \" data-module-id=\"27d379a4868\" data-module=\"DSLC_Image\" data-dslc-module-size=\"12\" data-dslc-anim=\"none\" data-dslc-anim-delay=\"\" data-dslc-anim-duration=\"650\"  data-dslc-anim-easing=\"ease\" data-dslc-preset=\"none\" >\r\n\r\n\t\t\t\r\n\t\t\t\r\n\t\t\t\t<div class=\"dslc-image-container\">\r\n\t\t<div class=\"dslc-image\">\r\n\r\n\t\t\t\r\n\t\t\t\t\r\n\t\t\t\t\t\t\t\t\t<img src=\"https:\/\/pilafestival.com\/english\/wp-content\/uploads\/sites\/2\/2023\/04\/tomczuk.jpg\" alt=\"\" title=\"\" srcset=\"https:\/\/pilafestival.com\/english\/wp-content\/uploads\/sites\/2\/2023\/04\/tomczuk.jpg 2000w, https:\/\/pilafestival.com\/english\/wp-content\/uploads\/sites\/2\/2023\/04\/tomczuk-300x200.jpg 300w, https:\/\/pilafestival.com\/english\/wp-content\/uploads\/sites\/2\/2023\/04\/tomczuk-1024x682.jpg 1024w, https:\/\/pilafestival.com\/english\/wp-content\/uploads\/sites\/2\/2023\/04\/tomczuk-768x512.jpg 768w, https:\/\/pilafestival.com\/english\/wp-content\/uploads\/sites\/2\/2023\/04\/tomczuk-1536x1024.jpg 1536w\" sizes=\"(max-width: 2000px) 100vw, 2000px\" \/>\r\n\t\t\t\t\r\n\t\t\t\t\t\t\t\t\t<\/div><!-- .dslc-image -->\r\n\t\t<\/div>\r\n\t\t\r\n\t\t\t\t<\/div><!-- .dslc-module -->\r\n\t\t<\/div><div class=\"dslc-modules-area dslc-col dslc-6-col dslc-last-col dslc-valign- \" data-size=\"6\" data-valign=\"\">\r\n\t\t<div id=\"dslc-module-be9c066d20e\" class=\"dslc-module-front dslc-module-DSLC_Text_Simple dslc-in-viewport-check dslc-in-viewport-anim-none  dslc-col dslc-12-col dslc-last-col  dslc-module-handle-like-regular \" data-module-id=\"be9c066d20e\" data-module=\"DSLC_Text_Simple\" data-dslc-module-size=\"12\" data-dslc-anim=\"none\" data-dslc-anim-delay=\"\" data-dslc-anim-duration=\"650\"  data-dslc-anim-easing=\"ease\" data-dslc-preset=\"none\" >\r\n\r\n\t\t\t\r\n\t\t\t\r\n\t\t\r\n\t\t<div class=\"dslc-text-module-content\">\r\n\t\t\t<h4 class=\"Akapitzlist\" style=\"text-align: center;\"><span style=\"color: #333333;\"><strong><span style=\"font-size: 16pt; line-height: 115%;\">TYMOTEUSZ B\u0104CZKOWSKI<\/span><\/strong><\/span><\/h4><h4 style=\"text-align: center;\"><span style=\"color: #333333;\">wiolonczela\u00a0<\/span><\/h4>\t\t<\/div>\r\n\r\n\t\t\r\n\t\t\t\t<\/div><!-- .dslc-module -->\r\n\t\t\r\n\t\t<div id=\"dslc-module-5443e6a1da5\" class=\"dslc-module-front dslc-module-DSLC_Image dslc-in-viewport-check dslc-in-viewport-anim-none  dslc-col dslc-12-col dslc-last-col  dslc-module-handle-like-regular \" data-module-id=\"5443e6a1da5\" data-module=\"DSLC_Image\" data-dslc-module-size=\"12\" data-dslc-anim=\"none\" data-dslc-anim-delay=\"\" data-dslc-anim-duration=\"650\"  data-dslc-anim-easing=\"ease\" data-dslc-preset=\"none\" >\r\n\r\n\t\t\t\r\n\t\t\t\r\n\t\t\t\t<div class=\"dslc-image-container\">\r\n\t\t<div class=\"dslc-image\">\r\n\r\n\t\t\t\r\n\t\t\t\t\r\n\t\t\t\t\t\t\t\t\t<img src=\"https:\/\/pilafestival.com\/english\/wp-content\/uploads\/sites\/2\/2023\/04\/Tymoteusz-Baczkowski-wiolonczelista-ALBERT-RIELE.jpg\" alt=\"\" title=\"\" srcset=\"https:\/\/pilafestival.com\/english\/wp-content\/uploads\/sites\/2\/2023\/04\/Tymoteusz-Baczkowski-wiolonczelista-ALBERT-RIELE.jpg 2000w, https:\/\/pilafestival.com\/english\/wp-content\/uploads\/sites\/2\/2023\/04\/Tymoteusz-Baczkowski-wiolonczelista-ALBERT-RIELE-300x200.jpg 300w, https:\/\/pilafestival.com\/english\/wp-content\/uploads\/sites\/2\/2023\/04\/Tymoteusz-Baczkowski-wiolonczelista-ALBERT-RIELE-1024x682.jpg 1024w, https:\/\/pilafestival.com\/english\/wp-content\/uploads\/sites\/2\/2023\/04\/Tymoteusz-Baczkowski-wiolonczelista-ALBERT-RIELE-768x512.jpg 768w, https:\/\/pilafestival.com\/english\/wp-content\/uploads\/sites\/2\/2023\/04\/Tymoteusz-Baczkowski-wiolonczelista-ALBERT-RIELE-1536x1024.jpg 1536w\" sizes=\"(max-width: 2000px) 100vw, 2000px\" \/>\r\n\t\t\t\t\r\n\t\t\t\t\t\t\t\t\t<\/div><!-- .dslc-image -->\r\n\t\t<\/div>\r\n\t\t\r\n\t\t\t\t<\/div><!-- .dslc-module -->\r\n\t\t\r\n\t\t<div id=\"dslc-module-36c8b659e83\" class=\"dslc-module-front dslc-module-DSLC_Separator dslc-in-viewport-check dslc-in-viewport-anim-none  dslc-col dslc-12-col dslc-last-col  dslc-module-handle-like-regular \" data-module-id=\"36c8b659e83\" data-module=\"DSLC_Separator\" data-dslc-module-size=\"12\" data-dslc-anim=\"none\" data-dslc-anim-delay=\"\" data-dslc-anim-duration=\"650\"  data-dslc-anim-easing=\"ease\" data-dslc-preset=\"none\" >\r\n\r\n\t\t\t\r\n\t\t\t\r\n\t\t\t\t\t<div class=\"dslc-separator-wrapper\">\r\n\t\t\t\t<div class=\"dslc-separator dslc-separator-style-invisible\">\r\n\t\t\t\t\t\t\t\t\t<\/div>\r\n\t\t\t\t<div><\/div>\r\n\t\t\t<\/div><!-- .dslc-separator-wrapper -->\r\n\t\t\t\r\n\t\t\t\t<\/div><!-- .dslc-module -->\r\n\t\t<\/div><\/div><\/div>\r\n\t\t<div  class=\"dslc-modules-section \" style=\"\" data-section-id=\"01ffcb29565\">\r\n\t\t\t\t\r\n\t\t\t\t\r\n\t\t\t\t<div class=\"dslc-modules-section-wrapper dslc-clearfix\"><div class=\"dslc-modules-area dslc-col dslc-12-col dslc-last-col dslc-valign- \" data-size=\"12\" data-valign=\"\">\r\n\t\t<div id=\"dslc-module-329db20f911\" class=\"dslc-module-front dslc-module-DSLC_Text_Simple dslc-in-viewport-check dslc-in-viewport-anim-none  dslc-col dslc-12-col dslc-last-col  dslc-module-handle-like-regular \" data-module-id=\"329db20f911\" data-module=\"DSLC_Text_Simple\" data-dslc-module-size=\"12\" data-dslc-anim=\"none\" data-dslc-anim-delay=\"\" data-dslc-anim-duration=\"650\"  data-dslc-anim-easing=\"ease\" data-dslc-preset=\"none\" >\r\n\r\n\t\t\t\r\n\t\t\t\r\n\t\t\r\n\t\t<div class=\"dslc-text-module-content\">\r\n\t\t\t<h1 style=\"text-align: center;\">NAGRODY SPONSOR\u00d3W<\/h1><h4 style=\"text-align: center;\">PROFESOROWIE WYBRALI 8 WSPANIA\u0141YCH M\u0141ODYCH POLSKICH OSOBOWO\u015aCI MUZYCZNYCH I PRZYZNALI DLA NICH 8 R\u00d3WNORZ\u0118DNYCH NAGR\u00d3D FINANSOWYCH W WYSOKO\u015aCI 2500 Z\u0141. BRUTTO<\/h4><h4 style=\"text-align: center;\"><br>Fundatorem 7 nagr\u00f3d jest ZYGMUNT ZALESKI STICHTING - SPONSOR GENERALNY<br>wydarzenia oraz 1 nagrody - Pan ROBERT PA\u0141YS \u2013 kolekcjoner starych instrument\u00f3w<\/h4>\t\t<\/div>\r\n\r\n\t\t\r\n\t\t\t\t<\/div><!-- .dslc-module -->\r\n\t\t<\/div><\/div><\/div>\r\n\t\t<div  class=\"dslc-modules-section \" style=\"padding-bottom:0px;padding-top:0px;background-color:#ffffff;\" data-section-id=\"6b2fcd63a75\">\r\n\t\t\t\t\r\n\t\t\t\t\r\n\t\t\t\t<div class=\"dslc-modules-section-wrapper dslc-clearfix\"><div class=\"dslc-modules-area dslc-col dslc-6-col dslc-first-col dslc-valign- \" data-size=\"6\" data-valign=\"\">\r\n\t\t<div id=\"dslc-module-0529a44ea44\" class=\"dslc-module-front dslc-module-DSLC_Text_Simple dslc-in-viewport-check dslc-in-viewport-anim-none  dslc-col dslc-12-col dslc-last-col  dslc-module-handle-like-regular \" data-module-id=\"0529a44ea44\" data-module=\"DSLC_Text_Simple\" data-dslc-module-size=\"12\" data-dslc-anim=\"none\" data-dslc-anim-delay=\"\" data-dslc-anim-duration=\"650\"  data-dslc-anim-easing=\"ease\" data-dslc-preset=\"none\" >\r\n\r\n\t\t\t\r\n\t\t\t\r\n\t\t\r\n\t\t<div class=\"dslc-text-module-content\">\r\n\t\t\t<h4 class=\"Akapitzlist\" style=\"text-align: center;\"><span style=\"color: #333333;\"><strong><span style=\"font-size: 16pt; line-height: 115%;\">KLARA GRONET<\/span><\/strong><\/span><\/h4><h4 style=\"text-align: center;\"><span style=\"color: #333333;\">skrzypaczka<\/span><\/h4>\t\t<\/div>\r\n\r\n\t\t\r\n\t\t\t\t<\/div><!-- .dslc-module -->\r\n\t\t\r\n\t\t<div id=\"dslc-module-201db7fa4bc\" class=\"dslc-module-front dslc-module-DSLC_Image dslc-in-viewport-check dslc-in-viewport-anim-none  dslc-col dslc-12-col dslc-last-col  dslc-module-handle-like-regular \" data-module-id=\"201db7fa4bc\" data-module=\"DSLC_Image\" data-dslc-module-size=\"12\" data-dslc-anim=\"none\" data-dslc-anim-delay=\"\" data-dslc-anim-duration=\"650\"  data-dslc-anim-easing=\"ease\" data-dslc-preset=\"none\" >\r\n\r\n\t\t\t\r\n\t\t\t\r\n\t\t\t\t<div class=\"dslc-image-container\">\r\n\t\t<div class=\"dslc-image\">\r\n\r\n\t\t\t\r\n\t\t\t\t\r\n\t\t\t\t\t\t\t\t\t<img src=\"https:\/\/pilafestival.com\/english\/wp-content\/uploads\/sites\/2\/2023\/04\/Klara-Gronet-skrzypaczka-OSOBOWOSC-MUZYCZNA.jpg\" alt=\"\" title=\"\" srcset=\"https:\/\/pilafestival.com\/english\/wp-content\/uploads\/sites\/2\/2023\/04\/Klara-Gronet-skrzypaczka-OSOBOWOSC-MUZYCZNA.jpg 2000w, https:\/\/pilafestival.com\/english\/wp-content\/uploads\/sites\/2\/2023\/04\/Klara-Gronet-skrzypaczka-OSOBOWOSC-MUZYCZNA-300x200.jpg 300w, https:\/\/pilafestival.com\/english\/wp-content\/uploads\/sites\/2\/2023\/04\/Klara-Gronet-skrzypaczka-OSOBOWOSC-MUZYCZNA-1024x682.jpg 1024w, https:\/\/pilafestival.com\/english\/wp-content\/uploads\/sites\/2\/2023\/04\/Klara-Gronet-skrzypaczka-OSOBOWOSC-MUZYCZNA-768x512.jpg 768w, https:\/\/pilafestival.com\/english\/wp-content\/uploads\/sites\/2\/2023\/04\/Klara-Gronet-skrzypaczka-OSOBOWOSC-MUZYCZNA-1536x1024.jpg 1536w\" sizes=\"(max-width: 2000px) 100vw, 2000px\" \/>\r\n\t\t\t\t\r\n\t\t\t\t\t\t\t\t\t<\/div><!-- .dslc-image -->\r\n\t\t<\/div>\r\n\t\t\r\n\t\t\t\t<\/div><!-- .dslc-module -->\r\n\t\t<\/div><div class=\"dslc-modules-area dslc-col dslc-6-col dslc-last-col dslc-valign- \" data-size=\"6\" data-valign=\"\">\r\n\t\t<div id=\"dslc-module-99f6648dd35\" class=\"dslc-module-front dslc-module-DSLC_Text_Simple dslc-in-viewport-check dslc-in-viewport-anim-none  dslc-col dslc-12-col dslc-last-col  dslc-module-handle-like-regular \" data-module-id=\"99f6648dd35\" data-module=\"DSLC_Text_Simple\" data-dslc-module-size=\"12\" data-dslc-anim=\"none\" data-dslc-anim-delay=\"\" data-dslc-anim-duration=\"650\"  data-dslc-anim-easing=\"ease\" data-dslc-preset=\"none\" >\r\n\r\n\t\t\t\r\n\t\t\t\r\n\t\t\r\n\t\t<div class=\"dslc-text-module-content\">\r\n\t\t\t<h4 class=\"Akapitzlist\" style=\"text-align: center;\"><span style=\"color: #333333;\"><strong><span style=\"font-size: 16pt; line-height: 115%;\">MICHAELA JUR\u010cOV\u00c1<\/span><\/strong><\/span><\/h4><h4 style=\"text-align: center;\">altowiolistka<\/h4>\t\t<\/div>\r\n\r\n\t\t\r\n\t\t\t\t<\/div><!-- .dslc-module -->\r\n\t\t\r\n\t\t<div id=\"dslc-module-3716ad68a22\" class=\"dslc-module-front dslc-module-DSLC_Image dslc-in-viewport-check dslc-in-viewport-anim-none  dslc-col dslc-12-col dslc-last-col  dslc-module-handle-like-regular \" data-module-id=\"3716ad68a22\" data-module=\"DSLC_Image\" data-dslc-module-size=\"12\" data-dslc-anim=\"none\" data-dslc-anim-delay=\"\" data-dslc-anim-duration=\"650\"  data-dslc-anim-easing=\"ease\" data-dslc-preset=\"none\" >\r\n\r\n\t\t\t\r\n\t\t\t\r\n\t\t\t\t<div class=\"dslc-image-container\">\r\n\t\t<div class=\"dslc-image\">\r\n\r\n\t\t\t\r\n\t\t\t\t\r\n\t\t\t\t\t\t\t\t\t<img src=\"https:\/\/pilafestival.com\/english\/wp-content\/uploads\/sites\/2\/2023\/04\/Michaela-Jurcova-altowiolistka-OSOBOWOSC-MUZYCZNA2.jpg\" alt=\"\" title=\"\" srcset=\"https:\/\/pilafestival.com\/english\/wp-content\/uploads\/sites\/2\/2023\/04\/Michaela-Jurcova-altowiolistka-OSOBOWOSC-MUZYCZNA2.jpg 1333w, https:\/\/pilafestival.com\/english\/wp-content\/uploads\/sites\/2\/2023\/04\/Michaela-Jurcova-altowiolistka-OSOBOWOSC-MUZYCZNA2-300x200.jpg 300w, https:\/\/pilafestival.com\/english\/wp-content\/uploads\/sites\/2\/2023\/04\/Michaela-Jurcova-altowiolistka-OSOBOWOSC-MUZYCZNA2-1024x682.jpg 1024w, https:\/\/pilafestival.com\/english\/wp-content\/uploads\/sites\/2\/2023\/04\/Michaela-Jurcova-altowiolistka-OSOBOWOSC-MUZYCZNA2-768x512.jpg 768w\" sizes=\"(max-width: 1333px) 100vw, 1333px\" \/>\r\n\t\t\t\t\r\n\t\t\t\t\t\t\t\t\t<\/div><!-- .dslc-image -->\r\n\t\t<\/div>\r\n\t\t\r\n\t\t\t\t<\/div><!-- .dslc-module -->\r\n\t\t\r\n\t\t<div id=\"dslc-module-bd0ef6a6328\" class=\"dslc-module-front dslc-module-DSLC_Separator dslc-in-viewport-check dslc-in-viewport-anim-none  dslc-col dslc-12-col dslc-last-col  dslc-module-handle-like-regular \" data-module-id=\"bd0ef6a6328\" data-module=\"DSLC_Separator\" data-dslc-module-size=\"12\" data-dslc-anim=\"none\" data-dslc-anim-delay=\"\" data-dslc-anim-duration=\"650\"  data-dslc-anim-easing=\"ease\" data-dslc-preset=\"none\" >\r\n\r\n\t\t\t\r\n\t\t\t\r\n\t\t\t\t\t<div class=\"dslc-separator-wrapper\">\r\n\t\t\t\t<div class=\"dslc-separator dslc-separator-style-invisible\">\r\n\t\t\t\t\t\t\t\t\t<\/div>\r\n\t\t\t\t<div><\/div>\r\n\t\t\t<\/div><!-- .dslc-separator-wrapper -->\r\n\t\t\t\r\n\t\t\t\t<\/div><!-- .dslc-module -->\r\n\t\t<\/div><\/div><\/div>\r\n\t\t<div  class=\"dslc-modules-section \" style=\"padding-bottom:0px;padding-top:0px;background-color:#ffffff;\" data-section-id=\"4fcc161ecf2\">\r\n\t\t\t\t\r\n\t\t\t\t\r\n\t\t\t\t<div class=\"dslc-modules-section-wrapper dslc-clearfix\"><div class=\"dslc-modules-area dslc-col dslc-6-col dslc-first-col dslc-valign- \" data-size=\"6\" data-valign=\"\">\r\n\t\t<div id=\"dslc-module-7ff1c84e339\" class=\"dslc-module-front dslc-module-DSLC_Text_Simple dslc-in-viewport-check dslc-in-viewport-anim-none  dslc-col dslc-12-col dslc-last-col  dslc-module-handle-like-regular \" data-module-id=\"7ff1c84e339\" data-module=\"DSLC_Text_Simple\" data-dslc-module-size=\"12\" data-dslc-anim=\"none\" data-dslc-anim-delay=\"\" data-dslc-anim-duration=\"650\"  data-dslc-anim-easing=\"ease\" data-dslc-preset=\"none\" >\r\n\r\n\t\t\t\r\n\t\t\t\r\n\t\t\r\n\t\t<div class=\"dslc-text-module-content\">\r\n\t\t\t<h4 class=\"Akapitzlist\" style=\"text-align: center;\"><span style=\"color: #333333;\"><strong><span style=\"font-size: 16pt; line-height: 115%;\">MIESZKO BASZCZAK<\/span><\/strong><\/span><\/h4><h4 style=\"text-align: center;\">altowiolista<\/h4>\t\t<\/div>\r\n\r\n\t\t\r\n\t\t\t\t<\/div><!-- .dslc-module -->\r\n\t\t\r\n\t\t<div id=\"dslc-module-9f29e9f69fd\" class=\"dslc-module-front dslc-module-DSLC_Image dslc-in-viewport-check dslc-in-viewport-anim-none  dslc-col dslc-12-col dslc-last-col  dslc-module-handle-like-regular \" data-module-id=\"9f29e9f69fd\" data-module=\"DSLC_Image\" data-dslc-module-size=\"12\" data-dslc-anim=\"none\" data-dslc-anim-delay=\"\" data-dslc-anim-duration=\"650\"  data-dslc-anim-easing=\"ease\" data-dslc-preset=\"none\" >\r\n\r\n\t\t\t\r\n\t\t\t\r\n\t\t\t\t<div class=\"dslc-image-container\">\r\n\t\t<div class=\"dslc-image\">\r\n\r\n\t\t\t\r\n\t\t\t\t\r\n\t\t\t\t\t\t\t\t\t<img src=\"https:\/\/pilafestival.com\/english\/wp-content\/uploads\/sites\/2\/2023\/04\/Mieszko-Baszczak-altowiolista-OSOBOWOSC-MUZYCZNA.jpg\" alt=\"\" title=\"\" srcset=\"https:\/\/pilafestival.com\/english\/wp-content\/uploads\/sites\/2\/2023\/04\/Mieszko-Baszczak-altowiolista-OSOBOWOSC-MUZYCZNA.jpg 2000w, https:\/\/pilafestival.com\/english\/wp-content\/uploads\/sites\/2\/2023\/04\/Mieszko-Baszczak-altowiolista-OSOBOWOSC-MUZYCZNA-300x200.jpg 300w, https:\/\/pilafestival.com\/english\/wp-content\/uploads\/sites\/2\/2023\/04\/Mieszko-Baszczak-altowiolista-OSOBOWOSC-MUZYCZNA-1024x682.jpg 1024w, https:\/\/pilafestival.com\/english\/wp-content\/uploads\/sites\/2\/2023\/04\/Mieszko-Baszczak-altowiolista-OSOBOWOSC-MUZYCZNA-768x512.jpg 768w, https:\/\/pilafestival.com\/english\/wp-content\/uploads\/sites\/2\/2023\/04\/Mieszko-Baszczak-altowiolista-OSOBOWOSC-MUZYCZNA-1536x1024.jpg 1536w\" sizes=\"(max-width: 2000px) 100vw, 2000px\" \/>\r\n\t\t\t\t\r\n\t\t\t\t\t\t\t\t\t<\/div><!-- .dslc-image -->\r\n\t\t<\/div>\r\n\t\t\r\n\t\t\t\t<\/div><!-- .dslc-module -->\r\n\t\t<\/div><div class=\"dslc-modules-area dslc-col dslc-6-col dslc-last-col dslc-valign- \" data-size=\"6\" data-valign=\"\">\r\n\t\t<div id=\"dslc-module-1df536fa465\" class=\"dslc-module-front dslc-module-DSLC_Text_Simple dslc-in-viewport-check dslc-in-viewport-anim-none  dslc-col dslc-12-col dslc-last-col  dslc-module-handle-like-regular \" data-module-id=\"1df536fa465\" data-module=\"DSLC_Text_Simple\" data-dslc-module-size=\"12\" data-dslc-anim=\"none\" data-dslc-anim-delay=\"\" data-dslc-anim-duration=\"650\"  data-dslc-anim-easing=\"ease\" data-dslc-preset=\"none\" >\r\n\r\n\t\t\t\r\n\t\t\t\r\n\t\t\r\n\t\t<div class=\"dslc-text-module-content\">\r\n\t\t\t<h4 class=\"Akapitzlist\" style=\"text-align: center;\"><span style=\"color: #333333;\"><strong><span style=\"font-size: 16pt; line-height: 115%;\">PIOTR OLESZ<\/span><\/strong><\/span><\/h4><h4 style=\"text-align: center;\">wiolonczelista<\/h4>\t\t<\/div>\r\n\r\n\t\t\r\n\t\t\t\t<\/div><!-- .dslc-module -->\r\n\t\t\r\n\t\t<div id=\"dslc-module-712c19958cc\" class=\"dslc-module-front dslc-module-DSLC_Image dslc-in-viewport-check dslc-in-viewport-anim-none  dslc-col dslc-12-col dslc-last-col  dslc-module-handle-like-regular \" data-module-id=\"712c19958cc\" data-module=\"DSLC_Image\" data-dslc-module-size=\"12\" data-dslc-anim=\"none\" data-dslc-anim-delay=\"\" data-dslc-anim-duration=\"650\"  data-dslc-anim-easing=\"ease\" data-dslc-preset=\"none\" >\r\n\r\n\t\t\t\r\n\t\t\t\r\n\t\t\t\t<div class=\"dslc-image-container\">\r\n\t\t<div class=\"dslc-image\">\r\n\r\n\t\t\t\r\n\t\t\t\t\r\n\t\t\t\t\t\t\t\t\t<img src=\"https:\/\/pilafestival.com\/english\/wp-content\/uploads\/sites\/2\/2023\/04\/Piotr-Olesz-wiolonczelista-OSBOWOSC-MUZYCZNA.jpg\" alt=\"\" title=\"\" srcset=\"https:\/\/pilafestival.com\/english\/wp-content\/uploads\/sites\/2\/2023\/04\/Piotr-Olesz-wiolonczelista-OSBOWOSC-MUZYCZNA.jpg 2000w, https:\/\/pilafestival.com\/english\/wp-content\/uploads\/sites\/2\/2023\/04\/Piotr-Olesz-wiolonczelista-OSBOWOSC-MUZYCZNA-300x200.jpg 300w, https:\/\/pilafestival.com\/english\/wp-content\/uploads\/sites\/2\/2023\/04\/Piotr-Olesz-wiolonczelista-OSBOWOSC-MUZYCZNA-1024x682.jpg 1024w, https:\/\/pilafestival.com\/english\/wp-content\/uploads\/sites\/2\/2023\/04\/Piotr-Olesz-wiolonczelista-OSBOWOSC-MUZYCZNA-768x512.jpg 768w, https:\/\/pilafestival.com\/english\/wp-content\/uploads\/sites\/2\/2023\/04\/Piotr-Olesz-wiolonczelista-OSBOWOSC-MUZYCZNA-1536x1024.jpg 1536w\" sizes=\"(max-width: 2000px) 100vw, 2000px\" \/>\r\n\t\t\t\t\r\n\t\t\t\t\t\t\t\t\t<\/div><!-- .dslc-image -->\r\n\t\t<\/div>\r\n\t\t\r\n\t\t\t\t<\/div><!-- .dslc-module -->\r\n\t\t\r\n\t\t<div id=\"dslc-module-c03f5798347\" class=\"dslc-module-front dslc-module-DSLC_Separator dslc-in-viewport-check dslc-in-viewport-anim-none  dslc-col dslc-12-col dslc-last-col  dslc-module-handle-like-regular \" data-module-id=\"c03f5798347\" data-module=\"DSLC_Separator\" data-dslc-module-size=\"12\" data-dslc-anim=\"none\" data-dslc-anim-delay=\"\" data-dslc-anim-duration=\"650\"  data-dslc-anim-easing=\"ease\" data-dslc-preset=\"none\" >\r\n\r\n\t\t\t\r\n\t\t\t\r\n\t\t\t\t\t<div class=\"dslc-separator-wrapper\">\r\n\t\t\t\t<div class=\"dslc-separator dslc-separator-style-invisible\">\r\n\t\t\t\t\t\t\t\t\t<\/div>\r\n\t\t\t\t<div><\/div>\r\n\t\t\t<\/div><!-- .dslc-separator-wrapper -->\r\n\t\t\t\r\n\t\t\t\t<\/div><!-- .dslc-module -->\r\n\t\t<\/div><\/div><\/div>\r\n\t\t<div  class=\"dslc-modules-section \" style=\"padding-bottom:0px;padding-top:0px;background-color:#ffffff;\" data-section-id=\"eef20cfec85\">\r\n\t\t\t\t\r\n\t\t\t\t\r\n\t\t\t\t<div class=\"dslc-modules-section-wrapper dslc-clearfix\"><div class=\"dslc-modules-area dslc-col dslc-6-col dslc-first-col dslc-valign- \" data-size=\"6\" data-valign=\"\">\r\n\t\t<div id=\"dslc-module-f65afe4c71f\" class=\"dslc-module-front dslc-module-DSLC_Text_Simple dslc-in-viewport-check dslc-in-viewport-anim-none  dslc-col dslc-12-col dslc-last-col  dslc-module-handle-like-regular \" data-module-id=\"f65afe4c71f\" data-module=\"DSLC_Text_Simple\" data-dslc-module-size=\"12\" data-dslc-anim=\"none\" data-dslc-anim-delay=\"\" data-dslc-anim-duration=\"650\"  data-dslc-anim-easing=\"ease\" data-dslc-preset=\"none\" >\r\n\r\n\t\t\t\r\n\t\t\t\r\n\t\t\r\n\t\t<div class=\"dslc-text-module-content\">\r\n\t\t\t<h4 class=\"Akapitzlist\" style=\"text-align: center;\"><span style=\"color: #333333;\"><strong><span style=\"font-size: 16pt; line-height: 115%;\">FILIP KRZESZOWIEC<\/span><\/strong><\/span><\/h4><h4 style=\"text-align: center;\"><span style=\"color: #333333;\">wiolonczelista<\/span><\/h4>\t\t<\/div>\r\n\r\n\t\t\r\n\t\t\t\t<\/div><!-- .dslc-module -->\r\n\t\t\r\n\t\t<div id=\"dslc-module-b1c49c4f489\" class=\"dslc-module-front dslc-module-DSLC_Image dslc-in-viewport-check dslc-in-viewport-anim-none  dslc-col dslc-12-col dslc-last-col  dslc-module-handle-like-regular \" data-module-id=\"b1c49c4f489\" data-module=\"DSLC_Image\" data-dslc-module-size=\"12\" data-dslc-anim=\"none\" data-dslc-anim-delay=\"\" data-dslc-anim-duration=\"650\"  data-dslc-anim-easing=\"ease\" data-dslc-preset=\"none\" >\r\n\r\n\t\t\t\r\n\t\t\t\r\n\t\t\t\t<div class=\"dslc-image-container\">\r\n\t\t<div class=\"dslc-image\">\r\n\r\n\t\t\t\r\n\t\t\t\t\r\n\t\t\t\t\t\t\t\t\t<img src=\"https:\/\/pilafestival.com\/english\/wp-content\/uploads\/sites\/2\/2023\/04\/Filip-Krzeszowiec-wiolonczelista-OSOBOWOSC-MUZYCZNA.jpg\" alt=\"\" title=\"\" srcset=\"https:\/\/pilafestival.com\/english\/wp-content\/uploads\/sites\/2\/2023\/04\/Filip-Krzeszowiec-wiolonczelista-OSOBOWOSC-MUZYCZNA.jpg 1333w, https:\/\/pilafestival.com\/english\/wp-content\/uploads\/sites\/2\/2023\/04\/Filip-Krzeszowiec-wiolonczelista-OSOBOWOSC-MUZYCZNA-200x300.jpg 200w, https:\/\/pilafestival.com\/english\/wp-content\/uploads\/sites\/2\/2023\/04\/Filip-Krzeszowiec-wiolonczelista-OSOBOWOSC-MUZYCZNA-682x1024.jpg 682w, https:\/\/pilafestival.com\/english\/wp-content\/uploads\/sites\/2\/2023\/04\/Filip-Krzeszowiec-wiolonczelista-OSOBOWOSC-MUZYCZNA-768x1152.jpg 768w, https:\/\/pilafestival.com\/english\/wp-content\/uploads\/sites\/2\/2023\/04\/Filip-Krzeszowiec-wiolonczelista-OSOBOWOSC-MUZYCZNA-1024x1536.jpg 1024w\" sizes=\"(max-width: 1333px) 100vw, 1333px\" \/>\r\n\t\t\t\t\r\n\t\t\t\t\t\t\t\t\t<\/div><!-- .dslc-image -->\r\n\t\t<\/div>\r\n\t\t\r\n\t\t\t\t<\/div><!-- .dslc-module -->\r\n\t\t<\/div><div class=\"dslc-modules-area dslc-col dslc-6-col dslc-last-col dslc-valign- \" data-size=\"6\" data-valign=\"\">\r\n\t\t<div id=\"dslc-module-e62e9f97dce\" class=\"dslc-module-front dslc-module-DSLC_Text_Simple dslc-in-viewport-check dslc-in-viewport-anim-none  dslc-col dslc-12-col dslc-last-col  dslc-module-handle-like-regular \" data-module-id=\"e62e9f97dce\" data-module=\"DSLC_Text_Simple\" data-dslc-module-size=\"12\" data-dslc-anim=\"none\" data-dslc-anim-delay=\"\" data-dslc-anim-duration=\"650\"  data-dslc-anim-easing=\"ease\" data-dslc-preset=\"none\" >\r\n\r\n\t\t\t\r\n\t\t\t\r\n\t\t\r\n\t\t<div class=\"dslc-text-module-content\">\r\n\t\t\t<h4 class=\"Akapitzlist\" style=\"text-align: center;\"><span style=\"color: #333333;\"><strong><span style=\"font-size: 16pt; line-height: 115%;\">ANTONI WRONA<\/span><\/strong><\/span><\/h4><h4 style=\"text-align: center;\">wiolonczelista<\/h4>\t\t<\/div>\r\n\r\n\t\t\r\n\t\t\t\t<\/div><!-- .dslc-module -->\r\n\t\t\r\n\t\t<div id=\"dslc-module-a65468f1fee\" class=\"dslc-module-front dslc-module-DSLC_Image dslc-in-viewport-check dslc-in-viewport-anim-none  dslc-col dslc-12-col dslc-last-col  dslc-module-handle-like-regular \" data-module-id=\"a65468f1fee\" data-module=\"DSLC_Image\" data-dslc-module-size=\"12\" data-dslc-anim=\"none\" data-dslc-anim-delay=\"\" data-dslc-anim-duration=\"650\"  data-dslc-anim-easing=\"ease\" data-dslc-preset=\"none\" >\r\n\r\n\t\t\t\r\n\t\t\t\r\n\t\t\t\t<div class=\"dslc-image-container\">\r\n\t\t<div class=\"dslc-image\">\r\n\r\n\t\t\t\r\n\t\t\t\t\r\n\t\t\t\t\t\t\t\t\t<img src=\"https:\/\/pilafestival.com\/english\/wp-content\/uploads\/sites\/2\/2023\/04\/Antoni-Wrona-wiolonczelista-OSOBOWOSC-MUZYCZNA.jpg\" alt=\"\" title=\"\" srcset=\"https:\/\/pilafestival.com\/english\/wp-content\/uploads\/sites\/2\/2023\/04\/Antoni-Wrona-wiolonczelista-OSOBOWOSC-MUZYCZNA.jpg 1333w, https:\/\/pilafestival.com\/english\/wp-content\/uploads\/sites\/2\/2023\/04\/Antoni-Wrona-wiolonczelista-OSOBOWOSC-MUZYCZNA-200x300.jpg 200w, https:\/\/pilafestival.com\/english\/wp-content\/uploads\/sites\/2\/2023\/04\/Antoni-Wrona-wiolonczelista-OSOBOWOSC-MUZYCZNA-682x1024.jpg 682w, https:\/\/pilafestival.com\/english\/wp-content\/uploads\/sites\/2\/2023\/04\/Antoni-Wrona-wiolonczelista-OSOBOWOSC-MUZYCZNA-768x1152.jpg 768w, https:\/\/pilafestival.com\/english\/wp-content\/uploads\/sites\/2\/2023\/04\/Antoni-Wrona-wiolonczelista-OSOBOWOSC-MUZYCZNA-1024x1536.jpg 1024w\" sizes=\"(max-width: 1333px) 100vw, 1333px\" \/>\r\n\t\t\t\t\r\n\t\t\t\t\t\t\t\t\t<\/div><!-- .dslc-image -->\r\n\t\t<\/div>\r\n\t\t\r\n\t\t\t\t<\/div><!-- .dslc-module -->\r\n\t\t\r\n\t\t<div id=\"dslc-module-382acc50994\" class=\"dslc-module-front dslc-module-DSLC_Separator dslc-in-viewport-check dslc-in-viewport-anim-none  dslc-col dslc-12-col dslc-last-col  dslc-module-handle-like-regular \" data-module-id=\"382acc50994\" data-module=\"DSLC_Separator\" data-dslc-module-size=\"12\" data-dslc-anim=\"none\" data-dslc-anim-delay=\"\" data-dslc-anim-duration=\"650\"  data-dslc-anim-easing=\"ease\" data-dslc-preset=\"none\" >\r\n\r\n\t\t\t\r\n\t\t\t\r\n\t\t\t\t\t<div class=\"dslc-separator-wrapper\">\r\n\t\t\t\t<div class=\"dslc-separator dslc-separator-style-invisible\">\r\n\t\t\t\t\t\t\t\t\t<\/div>\r\n\t\t\t\t<div><\/div>\r\n\t\t\t<\/div><!-- .dslc-separator-wrapper -->\r\n\t\t\t\r\n\t\t\t\t<\/div><!-- .dslc-module -->\r\n\t\t<\/div><\/div><\/div>\r\n\t\t<div  class=\"dslc-modules-section \" style=\"padding-bottom:0px;padding-top:0px;background-color:#ffffff;\" data-section-id=\"42538544413\">\r\n\t\t\t\t\r\n\t\t\t\t\r\n\t\t\t\t<div class=\"dslc-modules-section-wrapper dslc-clearfix\"><div class=\"dslc-modules-area dslc-col dslc-6-col dslc-first-col dslc-valign- \" data-size=\"6\" data-valign=\"\">\r\n\t\t<div id=\"dslc-module-55b3562c3a4\" class=\"dslc-module-front dslc-module-DSLC_Text_Simple dslc-in-viewport-check dslc-in-viewport-anim-none  dslc-col dslc-12-col dslc-last-col  dslc-module-handle-like-regular \" data-module-id=\"55b3562c3a4\" data-module=\"DSLC_Text_Simple\" data-dslc-module-size=\"12\" data-dslc-anim=\"none\" data-dslc-anim-delay=\"\" data-dslc-anim-duration=\"650\"  data-dslc-anim-easing=\"ease\" data-dslc-preset=\"none\" >\r\n\r\n\t\t\t\r\n\t\t\t\r\n\t\t\r\n\t\t<div class=\"dslc-text-module-content\">\r\n\t\t\t<h4 class=\"Akapitzlist\" style=\"text-align: center;\"><span style=\"color: #333333;\"><strong><span style=\"font-size: 16pt; line-height: 115%;\">KONSTANCJA \u015aMIETA\u0143SKA<\/span><\/strong><\/span><\/h4><h4 style=\"text-align: center;\"><span style=\"color: #333333;\">wiolonczelistka<\/span><\/h4>\t\t<\/div>\r\n\r\n\t\t\r\n\t\t\t\t<\/div><!-- .dslc-module -->\r\n\t\t\r\n\t\t<div id=\"dslc-module-767380ce247\" class=\"dslc-module-front dslc-module-DSLC_Image dslc-in-viewport-check dslc-in-viewport-anim-none  dslc-col dslc-12-col dslc-last-col  dslc-module-handle-like-regular \" data-module-id=\"767380ce247\" data-module=\"DSLC_Image\" data-dslc-module-size=\"12\" data-dslc-anim=\"none\" data-dslc-anim-delay=\"\" data-dslc-anim-duration=\"650\"  data-dslc-anim-easing=\"ease\" data-dslc-preset=\"none\" >\r\n\r\n\t\t\t\r\n\t\t\t\r\n\t\t\t\t<div class=\"dslc-image-container\">\r\n\t\t<div class=\"dslc-image\">\r\n\r\n\t\t\t\r\n\t\t\t\t\r\n\t\t\t\t\t\t\t\t\t<img src=\"https:\/\/pilafestival.com\/english\/wp-content\/uploads\/sites\/2\/2023\/04\/konstancja-Smietanska-wiolonczelistka-OSOBOWOSC-MUZYCZNA.jpg\" alt=\"\" title=\"\" srcset=\"https:\/\/pilafestival.com\/english\/wp-content\/uploads\/sites\/2\/2023\/04\/konstancja-Smietanska-wiolonczelistka-OSOBOWOSC-MUZYCZNA.jpg 2000w, https:\/\/pilafestival.com\/english\/wp-content\/uploads\/sites\/2\/2023\/04\/konstancja-Smietanska-wiolonczelistka-OSOBOWOSC-MUZYCZNA-300x200.jpg 300w, https:\/\/pilafestival.com\/english\/wp-content\/uploads\/sites\/2\/2023\/04\/konstancja-Smietanska-wiolonczelistka-OSOBOWOSC-MUZYCZNA-1024x682.jpg 1024w, https:\/\/pilafestival.com\/english\/wp-content\/uploads\/sites\/2\/2023\/04\/konstancja-Smietanska-wiolonczelistka-OSOBOWOSC-MUZYCZNA-768x512.jpg 768w, https:\/\/pilafestival.com\/english\/wp-content\/uploads\/sites\/2\/2023\/04\/konstancja-Smietanska-wiolonczelistka-OSOBOWOSC-MUZYCZNA-1536x1024.jpg 1536w\" sizes=\"(max-width: 2000px) 100vw, 2000px\" \/>\r\n\t\t\t\t\r\n\t\t\t\t\t\t\t\t\t<\/div><!-- .dslc-image -->\r\n\t\t<\/div>\r\n\t\t\r\n\t\t\t\t<\/div><!-- .dslc-module -->\r\n\t\t<\/div><div class=\"dslc-modules-area dslc-col dslc-6-col dslc-last-col dslc-valign- \" data-size=\"6\" data-valign=\"\">\r\n\t\t<div id=\"dslc-module-9c5fb689cfc\" class=\"dslc-module-front dslc-module-DSLC_Text_Simple dslc-in-viewport-check dslc-in-viewport-anim-none  dslc-col dslc-12-col dslc-last-col  dslc-module-handle-like-regular \" data-module-id=\"9c5fb689cfc\" data-module=\"DSLC_Text_Simple\" data-dslc-module-size=\"12\" data-dslc-anim=\"none\" data-dslc-anim-delay=\"\" data-dslc-anim-duration=\"650\"  data-dslc-anim-easing=\"ease\" data-dslc-preset=\"none\" >\r\n\r\n\t\t\t\r\n\t\t\t\r\n\t\t\r\n\t\t<div class=\"dslc-text-module-content\">\r\n\t\t\t<h4 class=\"Akapitzlist\" style=\"text-align: center;\"><span style=\"color: #333333;\"><strong><span style=\"font-size: 16pt; line-height: 115%;\">JAKUB LEMA\u0143SKI<\/span><\/strong><\/span><\/h4><h4 style=\"text-align: center;\">wiolonczelista<\/h4>\t\t<\/div>\r\n\r\n\t\t\r\n\t\t\t\t<\/div><!-- .dslc-module -->\r\n\t\t\r\n\t\t<div id=\"dslc-module-9b138b565ed\" class=\"dslc-module-front dslc-module-DSLC_Image dslc-in-viewport-check dslc-in-viewport-anim-none  dslc-col dslc-12-col dslc-last-col  dslc-module-handle-like-regular \" data-module-id=\"9b138b565ed\" data-module=\"DSLC_Image\" data-dslc-module-size=\"12\" data-dslc-anim=\"none\" data-dslc-anim-delay=\"\" data-dslc-anim-duration=\"650\"  data-dslc-anim-easing=\"ease\" data-dslc-preset=\"none\" >\r\n\r\n\t\t\t\r\n\t\t\t\r\n\t\t\t\t<div class=\"dslc-image-container\">\r\n\t\t<div class=\"dslc-image\">\r\n\r\n\t\t\t\r\n\t\t\t\t\r\n\t\t\t\t\t\t\t\t\t<img src=\"https:\/\/pilafestival.com\/english\/wp-content\/uploads\/sites\/2\/2023\/04\/Jakub-Lemanski-wiolonczelista-OSOBOWOSC-MUZYCZNA.jpg\" alt=\"\" title=\"\" srcset=\"https:\/\/pilafestival.com\/english\/wp-content\/uploads\/sites\/2\/2023\/04\/Jakub-Lemanski-wiolonczelista-OSOBOWOSC-MUZYCZNA.jpg 2000w, https:\/\/pilafestival.com\/english\/wp-content\/uploads\/sites\/2\/2023\/04\/Jakub-Lemanski-wiolonczelista-OSOBOWOSC-MUZYCZNA-300x200.jpg 300w, https:\/\/pilafestival.com\/english\/wp-content\/uploads\/sites\/2\/2023\/04\/Jakub-Lemanski-wiolonczelista-OSOBOWOSC-MUZYCZNA-1024x682.jpg 1024w, https:\/\/pilafestival.com\/english\/wp-content\/uploads\/sites\/2\/2023\/04\/Jakub-Lemanski-wiolonczelista-OSOBOWOSC-MUZYCZNA-768x512.jpg 768w, https:\/\/pilafestival.com\/english\/wp-content\/uploads\/sites\/2\/2023\/04\/Jakub-Lemanski-wiolonczelista-OSOBOWOSC-MUZYCZNA-1536x1024.jpg 1536w\" sizes=\"(max-width: 2000px) 100vw, 2000px\" \/>\r\n\t\t\t\t\r\n\t\t\t\t\t\t\t\t\t<\/div><!-- .dslc-image -->\r\n\t\t<\/div>\r\n\t\t\r\n\t\t\t\t<\/div><!-- .dslc-module -->\r\n\t\t\r\n\t\t<div id=\"dslc-module-dc8e153c499\" class=\"dslc-module-front dslc-module-DSLC_Separator dslc-in-viewport-check dslc-in-viewport-anim-none  dslc-col dslc-12-col dslc-last-col  dslc-module-handle-like-regular \" data-module-id=\"dc8e153c499\" data-module=\"DSLC_Separator\" data-dslc-module-size=\"12\" data-dslc-anim=\"none\" data-dslc-anim-delay=\"\" data-dslc-anim-duration=\"650\"  data-dslc-anim-easing=\"ease\" data-dslc-preset=\"none\" >\r\n\r\n\t\t\t\r\n\t\t\t\r\n\t\t\t\t\t<div class=\"dslc-separator-wrapper\">\r\n\t\t\t\t<div class=\"dslc-separator dslc-separator-style-invisible\">\r\n\t\t\t\t\t\t\t\t\t<\/div>\r\n\t\t\t\t<div><\/div>\r\n\t\t\t<\/div><!-- .dslc-separator-wrapper -->\r\n\t\t\t\r\n\t\t\t\t<\/div><!-- .dslc-module -->\r\n\t\t<\/div><\/div><\/div>\r\n\t\t<div  class=\"dslc-modules-section \" style=\"\" data-section-id=\"1279f7a3c99\">\r\n\t\t\t\t\r\n\t\t\t\t\r\n\t\t\t\t<div class=\"dslc-modules-section-wrapper dslc-clearfix\"><div class=\"dslc-modules-area dslc-col dslc-12-col dslc-last-col dslc-valign- \" data-size=\"12\" data-valign=\"\">\r\n\t\t<div id=\"dslc-module-d95ec4dbe07\" class=\"dslc-module-front dslc-module-DSLC_Text_Simple dslc-in-viewport-check dslc-in-viewport-anim-none  dslc-col dslc-12-col dslc-last-col  dslc-module-handle-like-regular \" data-module-id=\"d95ec4dbe07\" data-module=\"DSLC_Text_Simple\" data-dslc-module-size=\"12\" data-dslc-anim=\"none\" data-dslc-anim-delay=\"\" data-dslc-anim-duration=\"650\"  data-dslc-anim-easing=\"ease\" data-dslc-preset=\"none\" >\r\n\r\n\t\t\t\r\n\t\t\t\r\n\t\t\r\n\t\t<div class=\"dslc-text-module-content\">\r\n\t\t\t<h4 style=\"text-align: center;\"><strong>TEGOROCZN\u0104 EDYCJ\u0118 WYR\u00d3\u017bNIA\u0141 R\u00d3WNY BARDZO WYSOKI POZIOM<\/strong><br><strong>STUDENT\u00d3W DLATEGO NIE PRZYZNANO GRAND PRIX PI\u0141A FESTIVAL & <\/strong><strong>ACADEMY 2022<\/strong><\/h4>\t\t<\/div>\r\n\r\n\t\t\r\n\t\t\t\t<\/div><!-- .dslc-module -->\r\n\t\t\r\n\t\t<div id=\"dslc-module-da7084f6944\" class=\"dslc-module-front dslc-module-DSLC_Text_Simple dslc-in-viewport-check dslc-in-viewport-anim-none  dslc-col dslc-12-col dslc-last-col  dslc-module-handle-like-regular \" data-module-id=\"da7084f6944\" data-module=\"DSLC_Text_Simple\" data-dslc-module-size=\"12\" data-dslc-anim=\"none\" data-dslc-anim-delay=\"0\" data-dslc-anim-duration=\"650\"  data-dslc-anim-easing=\"ease\" data-dslc-preset=\"none\" >\r\n\r\n\t\t\t\r\n\t\t\t\r\n\t\t\r\n\t\t<div class=\"dslc-text-module-content\">\r\n\t\t\t<p>Profesorowie podkre\u015blaj\u0105, \u017ce tegoroczna XIV edycja PI\u0141A FESTIVAL & ACADEMY odby\u0142a si\u0119 na najwy\u017cszym poziomie muzycznym i merytorycznym, czego wyrazem s\u0105 przyznane wymienione wy\u017cej nagrody oraz ranga artyst\u00f3w bior\u0105cych udzia\u0142 w wydarzeniu. Profesorowie gratuluj\u0105 wszystkim m\u0142odym artystom, ceni\u0105c ich dojrza\u0142o\u015b\u0107 artystyczn\u0105 i wra\u017cliwo\u015b\u0107 muzyczn\u0105, \u017cycz\u0105c samych tylko sukces\u00f3w. Dzi\u0119kuj\u0105 organizatorom, doceniaj\u0105c ci\u0119\u017ck\u0105 prac\u0119, po\u015bwi\u0119cenie oraz niespotykan\u0105 i wyj\u0105tkow\u0105 organizacj\u0119, a przede wszystkim przyjazn\u0105 atmosfer\u0119.<\/p>\t\t<\/div>\r\n\r\n\t\t\r\n\t\t\t\t<\/div><!-- .dslc-module -->\r\n\t\t<\/div><\/div><\/div><\/div><input type=\"hidden\" id=\"dslca-post-data-thumb\" value=\"https:\/\/pilafestival.com\/english\/wp-content\/uploads\/sites\/2\/2023\/04\/2023.jpg\" \/>","protected":false},"excerpt":{"rendered":"<p>LAUREACI 13. Pi\u0142a Festival &#038; Academy 2022 NAGRODY SPONSOR\u00d3WZegarek szwajcarskiej firmy ALBERT RIELE ufundowany przez firm\u0119 APART PAULINA TOMCZUKskrzypaczka TYMOTEUSZ B\u0104CZKOWSKIwiolonczela\u00a0 NAGRODY SPONSOR\u00d3WPROFESOROWIE WYBRALI 8 WSPANIA\u0141YCH M\u0141ODYCH POLSKICH OSOBOWO\u015aCI MUZYCZNYCH I PRZYZNALI DLA NICH 8 R\u00d3WNORZ\u0118DNYCH NAGR\u00d3D FINANSOWYCH W WYSOKO\u015aCI 2500 Z\u0141. BRUTTOFundatorem 7 nagr\u00f3d jest ZYGMUNT ZALESKI STICHTING &#8211; SPONSOR GENERALNYwydarzenia oraz 1 nagrody [&hellip;]<\/p>\n","protected":false},"author":1,"featured_media":2028,"parent":0,"menu_order":0,"comment_status":"closed","ping_status":"closed","template":"","meta":[],"_links":{"self":[{"href":"https:\/\/pilafestival.com\/english\/wp-json\/wp\/v2\/pages\/2013"}],"collection":[{"href":"https:\/\/pilafestival.com\/english\/wp-json\/wp\/v2\/pages"}],"about":[{"href":"https:\/\/pilafestival.com\/english\/wp-json\/wp\/v2\/types\/page"}],"author":[{"embeddable":true,"href":"https:\/\/pilafestival.com\/english\/wp-json\/wp\/v2\/users\/1"}],"replies":[{"embeddable":true,"href":"https:\/\/pilafestival.com\/english\/wp-json\/wp\/v2\/comments?post=2013"}],"version-history":[{"count":1,"href":"https:\/\/pilafestival.com\/english\/wp-json\/wp\/v2\/pages\/2013\/revisions"}],"predecessor-version":[{"id":2014,"href":"https:\/\/pilafestival.com\/english\/wp-json\/wp\/v2\/pages\/2013\/revisions\/2014"}],"wp:featuredmedia":[{"embeddable":true,"href":"https:\/\/pilafestival.com\/english\/wp-json\/wp\/v2\/media\/2028"}],"wp:attachment":[{"href":"https:\/\/pilafestival.com\/english\/wp-json\/wp\/v2\/media?parent=2013"}],"curies":[{"name":"wp","href":"https:\/\/api.w.org\/{rel}","templated":true}]}}