{"id":2075,"date":"2023-04-13T21:23:50","date_gmt":"2023-04-13T19:23:50","guid":{"rendered":"https:\/\/pilafestival.com\/english\/?page_id=2075"},"modified":"2023-04-13T21:23:50","modified_gmt":"2023-04-13T19:23:50","slug":"pawel-wakarecy","status":"publish","type":"page","link":"https:\/\/pilafestival.com\/english\/pawel-wakarecy\/","title":{"rendered":"Pawe\u0142 Wakarecy"},"content":{"rendered":"<div id=\"dslc-main\">\r\n\t\t<div  class=\"dslc-modules-section \" style=\"padding-bottom:50px;padding-top:50px;\" data-section-id=\"0fa366b85ca\">\r\n\t\t\t\t\r\n\t\t\t\t\r\n\t\t\t\t<div class=\"dslc-modules-section-wrapper dslc-clearfix\"><div class=\"dslc-modules-area dslc-col dslc-12-col dslc-last-col dslc-valign- \" data-size=\"12\" data-valign=\"\"><\/div><\/div><\/div>\r\n\t\t<div  class=\"dslc-modules-section \" style=\"\" data-section-id=\"de6239672ec\">\r\n\t\t\t\t\r\n\t\t\t\t\r\n\t\t\t\t<div class=\"dslc-modules-section-wrapper dslc-clearfix\"><div class=\"dslc-modules-area dslc-col dslc-12-col dslc-last-col dslc-valign- \" data-size=\"12\" data-valign=\"\">\r\n\t\t<div id=\"dslc-module-9363872808f\" class=\"dslc-module-front dslc-module-DSLC_Text_Simple dslc-in-viewport-check dslc-in-viewport-anim-none  dslc-col dslc-12-col dslc-last-col  dslc-module-handle-like-regular \" data-module-id=\"9363872808f\" data-module=\"DSLC_Text_Simple\" data-dslc-module-size=\"12\" data-dslc-anim=\"none\" data-dslc-anim-delay=\"\" data-dslc-anim-duration=\"650\"  data-dslc-anim-easing=\"ease\" data-dslc-preset=\"none\" >\r\n\r\n\t\t\t\r\n\t\t\t\r\n\t\t\r\n\t\t<div class=\"dslc-text-module-content\">\r\n\t\t\t<p style=\"text-align: center;\">Pawe\u0142 Wakarecy<\/p>\t\t<\/div>\r\n\r\n\t\t\r\n\t\t\t\t<\/div><!-- .dslc-module -->\r\n\t\t<\/div><\/div><\/div>\r\n\t\t<div  class=\"dslc-modules-section \" style=\"\" data-section-id=\"06b1ae30e91\">\r\n\t\t\t\t\r\n\t\t\t\t\r\n\t\t\t\t<div class=\"dslc-modules-section-wrapper dslc-clearfix\"><div class=\"dslc-modules-area dslc-col dslc-12-col dslc-last-col dslc-valign- \" data-size=\"12\" data-valign=\"\">\r\n\t\t<div id=\"dslc-module-7bc76591044\" class=\"dslc-module-front dslc-module-DSLC_Text_Simple dslc-in-viewport-check dslc-in-viewport-anim-none  dslc-col dslc-12-col dslc-last-col  dslc-module-handle-like-regular \" data-module-id=\"7bc76591044\" data-module=\"DSLC_Text_Simple\" data-dslc-module-size=\"12\" data-dslc-anim=\"none\" data-dslc-anim-delay=\"\" data-dslc-anim-duration=\"650\"  data-dslc-anim-easing=\"ease\" data-dslc-preset=\"none\" >\r\n\r\n\t\t\t\r\n\t\t\t\r\n\t\t\r\n\t\t<div class=\"dslc-text-module-content\">\r\n\t\t\t<p>Uko\u0144czy\u0142 Og\u00f3lnokszta\u0142c\u0105c\u0105 Szko\u0142\u0119 Muzyczn\u0105 im. Karola Szymanowskiego w Toruniu w klasie fortepianu Ewy Skar\u017cewskiej. Obecnie kszta\u0142ci si\u0119 w bydgoskiej Akademii Muzycznej im. Feliksa Nowowiejskiego pod kierunkiem Katarzyny Popowej-Zydro\u0144. Bra\u0142 udzia\u0142 w licznych kursach mistrzowskich (m.in. w Dusznikach Zdroju), gdzie wsp\u00f3\u0142pracowa\u0142 z takimi pedagogami, jak Bernard Ringeissen, Ewa Pob\u0142ocka, Jacques Rouvier, Dang Thai Son, Michai\u0142 Woskresenski.<\/p><p>Zdobywa\u0142 laury i wyr\u00f3\u017cnienia na licznych og\u00f3lnopolskich i mi\u0119dzynarodowych konkursach pianistycznych dla dzieci i m\u0142odzie\u017cy: w \u017baganiu (1996, II nagroda), Gorzowie Wielkopolskim (Konkurs im. Jana Sebastiana Bacha 1998, III nagroda), Jeleniej G\u00f3rze (Konkurs im. Fryderyka Chopina 1999, wyr\u00f3\u017cnienie), Szafarni (Konkurs im. Fryderyka Chopina 2001, wyr\u00f3\u017cnienie), Koninie (2002, II nagroda), Siedlcach (2002, wyr\u00f3\u017cnienie) i Krakowie (Konkurs EPTA 2003, III nagroda). Jest laureatem nagr\u00f3d specjalnych na Mi\u0119dzynarodowym Konkursie Pianistycznym im. Ignacego Jana Paderewskiego w Bydgoszczy (2007) oraz finalist\u0105 Mi\u0119dzynarodowego Konkursu im. Fryderyka Chopina w Darmstadt (2009).<\/p><p>Zdoby\u0142 wyr\u00f3\u017cnienie oraz Nagrod\u0119 Specjaln\u0105 dla Najlepszego Polaka w 16. Mi\u0119dzynarodowym Konkursie Pianistycznym im. Fryderyka Chopina w Warszawie (2010).<\/p><p>M\u0142odzi polscy piani\u015bci wygrywaj\u0105 mi\u0119dzynarodowe konkursy<br>We wrze\u015bniu 2016 Piotr Grelowski zwyci\u0119\u017cy\u0142 w International Cochran Piano Competition, a \u0141ukasz Krupi\u0144ski wygra\u0142 i zdoby\u0142 wszystkie nagrody pozaregulaminowe na VII Mi\u0119dzynarodowym Konkursie Pianistycznym w San Marino.<br>Czytaj wi\u0119cej<br>przejd\u017a na stron\u0119 kategorii#muzykaprzejd\u017a na stron\u0119 kategorii#cultureCzytaj wi\u0119cej<br>Koncertowa\u0142 w wielu miastach Polski, a tak\u017ce za granic\u0105 - w Niemczech, Szwecji, Rosji, Bu\u0142garii, Francji, Szwajcarii, Chinach, Japonii. Regularnie wyst\u0119puje jako solista z Toru\u0144sk\u0105 Orkiestr\u0105 Symfoniczn\u0105, wsp\u00f3\u0142pracowa\u0142 tak\u017ce z Orkiestr\u0105 Filharmonii Narodowej, Polsk\u0105 Orkiestr\u0105 Radiow\u0105, Narodow\u0105 Orkiestr\u0105 Symfoniczn\u0105 Polskiego Radia w Katowicach, Orkiestrami Filharmonii Warmi\u0144sko-Mazurskiej, \u0141\u00f3dzkiej, Pomorskiej, orkiestr\u0105 Sinfonia Iuventus, Rosyjsk\u0105 Orkiestr\u0105 Kameraln\u0105 z Sankt Petersburga, Litewsk\u0105 Orkiestr\u0105 Kameraln\u0105, zespo\u0142em Multikamerata.<\/p><p>Wyst\u0119powa\u0142 pod batut\u0105 m.in. Antoniego Wita, Zygmunta Rycherta, Jerzego Salwarowskiego, Piotra Wajraka, \u0141ukasza Borowicza, Wojciecha Rodka i Tadeusza Wojciechowskiego.<\/p><p>Jest stypendyst\u0105 Krajowego Funduszu na Rzecz Dzieci (2003-2005), Prezesa Rady Ministr\u00f3w (2004, 2005), Marsza\u0142ka Wojew\u00f3dztwa Kujawsko-Pomorskiego (2007, 2010 i 2011), Prezydenta Miasta Torunia (2004, 2005, 2007, 2008, 2010).<\/p><p>Strona internetowa artysty: www.myspace.com\/pawelwakarecy<\/p>\t\t<\/div>\r\n\r\n\t\t\r\n\t\t\t\t<\/div><!-- .dslc-module -->\r\n\t\t<\/div><\/div><\/div><\/div>","protected":false},"excerpt":{"rendered":"<p>Pawe\u0142 Wakarecy Uko\u0144czy\u0142 Og\u00f3lnokszta\u0142c\u0105c\u0105 Szko\u0142\u0119 Muzyczn\u0105 im. Karola Szymanowskiego w Toruniu w klasie fortepianu Ewy Skar\u017cewskiej. Obecnie kszta\u0142ci si\u0119 w bydgoskiej Akademii Muzycznej im. Feliksa Nowowiejskiego pod kierunkiem Katarzyny Popowej-Zydro\u0144. Bra\u0142 udzia\u0142 w licznych kursach mistrzowskich (m.in. w Dusznikach Zdroju), gdzie wsp\u00f3\u0142pracowa\u0142 z takimi pedagogami, jak Bernard Ringeissen, Ewa Pob\u0142ocka, Jacques Rouvier, Dang Thai Son, [&hellip;]<\/p>\n","protected":false},"author":1,"featured_media":0,"parent":0,"menu_order":0,"comment_status":"closed","ping_status":"closed","template":"","meta":[],"_links":{"self":[{"href":"https:\/\/pilafestival.com\/english\/wp-json\/wp\/v2\/pages\/2075"}],"collection":[{"href":"https:\/\/pilafestival.com\/english\/wp-json\/wp\/v2\/pages"}],"about":[{"href":"https:\/\/pilafestival.com\/english\/wp-json\/wp\/v2\/types\/page"}],"author":[{"embeddable":true,"href":"https:\/\/pilafestival.com\/english\/wp-json\/wp\/v2\/users\/1"}],"replies":[{"embeddable":true,"href":"https:\/\/pilafestival.com\/english\/wp-json\/wp\/v2\/comments?post=2075"}],"version-history":[{"count":1,"href":"https:\/\/pilafestival.com\/english\/wp-json\/wp\/v2\/pages\/2075\/revisions"}],"predecessor-version":[{"id":2076,"href":"https:\/\/pilafestival.com\/english\/wp-json\/wp\/v2\/pages\/2075\/revisions\/2076"}],"wp:attachment":[{"href":"https:\/\/pilafestival.com\/english\/wp-json\/wp\/v2\/media?parent=2075"}],"curies":[{"name":"wp","href":"https:\/\/api.w.org\/{rel}","templated":true}]}}